
{"id":1098,"date":"2022-08-31T08:18:53","date_gmt":"2022-08-31T08:18:53","guid":{"rendered":"https:\/\/sport.eduvic.coop\/?page_id=1098"},"modified":"2022-10-17T10:54:44","modified_gmt":"2022-10-17T10:54:44","slug":"por-que-hablamos-de-deporte-implicado","status":"publish","type":"page","link":"https:\/\/sport.eduvic.coop\/es\/por-que-hablamos-de-deporte-implicado\/","title":{"rendered":"Por qu\u00e9 hablamos de deporte implicado"},"content":{"rendered":"<div class=\"wpb-content-wrapper\"><p>[vc_section full_width=\u00bbstretch_row\u00bb el_id=\u00bbperque-parlem\u00bb][vc_row][vc_column][vc_column_text]<\/p>\n<h1 style=\"text-align: center;\">HABLAMOS DE DEPORTE IMPLICADO POR<\/h1>\n<p>[\/vc_column_text][\/vc_column][\/vc_row][vc_row equal_height=\u00bbyes\u00bb content_placement=\u00bbmiddle\u00bb css=\u00bb.vc_custom_1653906923497{background-position: center !important;background-repeat: no-repeat !important;background-size: contain !important;}\u00bb el_class=\u00bbfila-pestanyes\u00bb][vc_column width=\u00bb2\/3&#8243;][vc_tta_accordion style=\u00bbmodern\u00bb c_icon=\u00bbchevron\u00bb c_position=\u00bbright\u00bb active_section=\u00bb-1&#8243; collapsible_all=\u00bbtrue\u00bb el_class=\u00bbacordio\u00bb][vc_tta_section i_icon_fontawesome=\u00bbfar fa-arrow-alt-circle-right\u00bb add_icon=\u00bbtrue\u00bb title=\u00bbEL ACOMPA\u00d1AMIENTO DE EQUIPOS PROFESIONALES DESDE LA PSICOLOG\u00cdA DEL DEPORTE\u00bb tab_id=\u00bbacompanyament-equips\u00bb el_class=\u00bbacordio-1&#8243;][vc_column_text]Porque tenemos una larga trayectoria en el acompa\u00f1amiento de equipos profesionales desde la psicolog\u00eda del deporte. El talento individual tiene sentido al servicio del equipo. Los\/las mejores deportistas tambi\u00e9n son aquellos\/as que hacen mejores a sus compa\u00f1eros y compa\u00f1eras. El equipo se construye entre todos\/as los\/las miembros del equipo, desde el liderazgo del entrenador\/a y con la implicaci\u00f3n de todos\/as. Construir un equipo supone un trabajo laborioso de verdadera ingenier\u00eda, dado que implica:<\/p>\n<ul>\n<li>Construir la cohesi\u00f3n interna, trabajando para conseguir el compromiso y complicidad de todos\/as los\/las miembros con el club, el equipo, el entrenador\/a y los compa\u00f1eros y compa\u00f1eras.<\/li>\n<li>Crear una ilusi\u00f3n colectiva, estableciendo objetivos o metas colectivas.<\/li>\n<li>Alinear intereses individuales con los objetivos colectivos.<\/li>\n<li>Entender la importancia del equipo en el rendimiento individual.<\/li>\n<li>Establecer normas de equipo y generar compromiso de respeto.<\/li>\n<li>Asumir y respetar los valores compartidos.<\/li>\n<li>Aceptar el rol asignado o trabajar para mejorarlo.<\/li>\n<li>Favorecer la convivencia, tener una relaci\u00f3n cordial con sus compa\u00f1eros y compa\u00f1eras.<\/li>\n<li>Conciliar frente a los conflictos.<\/li>\n<li>Ayudar, apoyar y motivar.<\/li>\n<li>Ceder el protagonismo al equipo.<\/li>\n<li>Observar y evaluar la din\u00e1mica interna del equipo.<\/li>\n<li>Gestionar conflictos desde un enfoque educativo.<\/li>\n<li>Generar un liderazgo colectivo, el papel de los \u201ccapitanes\u201d y \u201ccapitanas\u201d.<\/li>\n<li>Prevenir la aparici\u00f3n de roles y relaciones t\u00f3xicas en la din\u00e1mica interna del equipo.<\/li>\n<\/ul>\n<p>[\/vc_column_text][\/vc_tta_section][vc_tta_section i_icon_fontawesome=\u00bbfar fa-arrow-alt-circle-right\u00bb add_icon=\u00bbtrue\u00bb title=\u00bbLA PREPARACI\u00d3N PSICOL\u00d3GICA. GESTIONAR LA EXIGENCIA EMOCIONAL\u00bb tab_id=\u00bbpreparacio-psicologica\u00bb el_class=\u00bbacordio-2&#8243;][vc_column_text]Porque una amplia muestra de deportistas ha confiado en nuestros servicios de psicolog\u00eda (cl\u00ednica y deportiva).<\/p>\n<p>La preparaci\u00f3n psicol\u00f3gica, la capacidad de hacer estable lo mejor que podemos dar de nosotros\/as y disponer de competencias emocionales que otorgan la clave del rendimiento \u00f3ptimo, son los factores diferenciales entre ser un\/a buen\/a deportista y ser de los\/las mejores.<\/p>\n<p>El talento se desarrolla desde el esfuerzo, el trabajo y el aprendizaje. No llegan quienes tienen m\u00e1s talento sino aquellos\/as que mejor lo gestionan ante la exigencia y la dificultad, aquellos\/as que mejor superan las dificultades. Competir es superaci\u00f3n personal, enfrentarse a uno\/a mismo\/a para aprender y mejorar, ser mejor, elevar su nivel, ser competente para ser competitivo\/va. Gestionar la exigencia emocional requiere:<\/p>\n<ul>\n<li>Tener un buen concepto de s\u00ed mismo\/a, sentirse competente (autoestima y autoconfianza).<\/li>\n<li>Estar abierto\/a a aprender y mejorar todos los d\u00edas, querer trabajar y ser mejor todos los d\u00edas, querer elevar el propio nivel, desarrollar el talento (automotivaci\u00f3n).<\/li>\n<li>Competir, aceptar el duelo con el\/la rival, sabiendo que para superarlo\/la es necesario trabajar m\u00e1s y mejor que \u00e9l\/ella. El\/La mayor rival a superar es uno\/a mismo\/a.<\/li>\n<li>Ser responsable, asumir responsabilidades.<\/li>\n<li>Focalizar la atenci\u00f3n (concentraci\u00f3n).<\/li>\n<li>Expresar el mejor trabajo todos los d\u00edas, sin verse mediatizado\/a por las circunstancias, aprender a trabajar en \u201cflow\u201d (autoexigencia).<\/li>\n<li>Convivir con la m\u00e1xima exigencia, entender el error dentro del proceso de aprendizaje, saber gestionar la correcci\u00f3n.<\/li>\n<li>Afrontar y resolver los conflictos con eficacia.<\/li>\n<li>Superar la dificultad y adversidad (resiliencia).<\/li>\n<li>Ser eficaz en las tomas de decisi\u00f3n, saber decidir, ser decidido\/a.<\/li>\n<li>Ser pr\u00e1ctico\/a, ejercer el optimismo inteligente (pensamiento positivo).<\/li>\n<li>Aprender e interiorizar valores de alto rendimiento.<\/li>\n<li>Saber interpretar \u00e9xito y fracaso.<\/li>\n<li>Erradicar la cultura de excusas y justificaciones.<\/li>\n<li>Gestionar emociones negativas (frustraci\u00f3n, enfado, des\u00e1nimo, ansiedad y estr\u00e9s).<\/li>\n<li>Prep\u00e1rese mediante visualizaci\u00f3n o ensayo mental.<\/li>\n<li>Aprender h\u00e1bitos de vida saludable (autodisciplina).<\/li>\n<li>Equilibrio emocional y bienestar emocional.<\/li>\n<li>Organizar rutinas para antes, durante y despu\u00e9s de la competici\u00f3n.<\/li>\n<\/ul>\n<p>La psicolog\u00eda del deporte se ha constatado que es de gran eficacia para la mejora del rendimiento deportivo tanto para los\/las atletas de alto nivel como para los\/las amateurs. Las exigencias deportivas, personales y familiares de los\/las deportistas hacen que a veces estos\/as se sientan desbordados\/as, descentrados\/das y con sensaciones de falta de concentraci\u00f3n o de \u00abno puedo m\u00e1s\u00bb.<\/p>\n<p>La salud mental es un aspecto de marcada importancia para el mundo del deporte de alto rendimiento. Recientemente diversas organizaciones del deporte (ISSP, FEPSAC) han planteado su posicionamiento al respecto, planteando la importancia de velar por la salud mental de los\/las deportistas como condici\u00f3n fundamental para favorecer su bienestar y consecuentemente su rendimiento. En comparaci\u00f3n con la poblaci\u00f3n no deportiva, los\/las deportistas experimentan mayores factores de riesgo en cuanto a salud mental como sobreentrenamiento o crisis de identidad (Shincke et al., 2017; Moesch et al., 2018). Por eso la promoci\u00f3n de la salud de los\/las deportistas es un elemento fundamental para EDUVIC \u00b7 Sport.<\/p>\n<p><strong>Desde 2007<\/strong> son muchos\/as deportistas de diferentes disciplinas los\/las que ya emplean nuestro servicio de psicolog\u00eda deportiva, para trabajar aspectos de:<\/p>\n<ul>\n<li>Mejora de la motivaci\u00f3n<\/li>\n<li>Concentraci\u00f3n para la competici\u00f3n<\/li>\n<li>Control de ansiedad y estr\u00e9s<\/li>\n<li>Mejora de la confianza y autoestima<\/li>\n<li>Adaptaci\u00f3n a viajes y desplazamientos<\/li>\n<li>Mejora de las habilidades sociales<\/li>\n<li>Comunicaci\u00f3n y asertividad<\/li>\n<li>Las lesiones<\/li>\n<li>La adaptaci\u00f3n a los cambios que implican las transiciones deportivas.<\/li>\n<\/ul>\n<p>[\/vc_column_text][\/vc_tta_section][vc_tta_section i_icon_fontawesome=\u00bbfar fa-arrow-alt-circle-right\u00bb add_icon=\u00bbtrue\u00bb title=\u00bbLA METODOLOG\u00cdA PROPIA EN EL \u00c1MBITO DE DESARROLLO Y DE TRABAJO CON DEPORTISTAS\u00bb tab_id=\u00bbmetodologia-propia\u00bb el_class=\u00bbacordio-3&#8243;][vc_column_text]Porque tenemos una metodolog\u00eda propia en el \u00e1mbito de desarrollo y de trabajo con deportistas que parte de una visi\u00f3n hol\u00edstica de la persona y del trabajo con sus contextos de relaci\u00f3n, ofreci\u00e9ndoles los recursos y herramientas necesarias para obtener un correcto desarrollo integral.<\/p>\n<p>No es posible que los padres o madres puedan convertirse en la raz\u00f3n que termina con la ilusi\u00f3n y rompe el sue\u00f1o de ser deportista. Madres y padres deben alinear el apoyo con el trabajo de entrenadores\/as y t\u00e9cnicos\/as. No pueden ser un elemento disonante que genere conflicto en los\/las deportistas con mensajes discrepantes. Madres y padres deben compartir con sus hijos e hijas la ilusi\u00f3n por el deporte, pero dejar los aprendizajes y correcciones para los\/las entrenadores\/as y t\u00e9cnicos\/as. No tienen un hijo\/a deportista, sino un hijo\/a que crece como persona con m\u00faltiples inquietudes, una de ellas es practicar un deporte concreto. Desde EDUVIC \u00b7 Sport asesoramos a los padres y madres sobre c\u00f3mo apoyar de manera efectiva el desarrollo deportivo y personal de sus hijos e hijas.[\/vc_column_text][\/vc_tta_section][vc_tta_section i_icon_fontawesome=\u00bbfar fa-arrow-alt-circle-right\u00bb add_icon=\u00bbtrue\u00bb title=\u00bbLA ESPECIALIZACI\u00d3N EN EL TRABAJO PSICOEDUCATIVO Y EMOCIONAL\u00bb tab_id=\u00bbespecialitzacio-en-el-treball\u00bb el_class=\u00bbacordio-4&#8243;][vc_column_text]Porque disponemos de una especializaci\u00f3n en el trabajo psicoeducativo y emocional con equipos formativos de diferentes modalidades deportivas. Ofrecemos un aprendizaje emocional dirigido a todo el mundo que est\u00e1 comprometido en optimizar su formaci\u00f3n y desarrollo, que persigue la excelencia en el \u00e1mbito deportivo y personal. Ayudamos a llenar la caja de herramientas de nuestros\/as clientes\/as, personas y equipos con recursos emocionales, para ser eficaces en el contexto deportivo, de trabajo o personal.<\/p>\n<p>En edades formativas es importante que el rendimiento vaya ligado a la formaci\u00f3n y al acompa\u00f1amiento en el desarrollo integral. Se debe orientar a los\/las deportistas en el aprendizaje y mejora permanente, a dominar cada d\u00eda m\u00e1s la t\u00e9cnica y t\u00e1ctica de su deporte, a avanzar en el desarrollo f\u00edsico\u2026 pero tambi\u00e9n a aprender competencias emocionales que les ayuden a desplegar su talento y a expresarse bajo cualquier circunstancia, tambi\u00e9n en la m\u00e1xima exigencia y dificultad. En etapas de formaci\u00f3n sugerimos orientar m\u00e1s a cuidar los procesos, al aprendizaje, a la mejora, a ser mejor, a dominar m\u00e1s, a desarrollar el talento, donde uno\/a compite con \u00e9l\/ella mismo\/a, siendo el\/la mayor rival uno\/a mismo\/a y sus barreras internas.<\/p>\n<p>El\/la joven deportista debe compatibilizar estudios y deporte, debe vivir como un\/a joven y no como un\/a \u201cprofesional\u201d. Hipotecar el desarrollo personal en funci\u00f3n del desarrollo deportivo condena a ambas cosas, se acaba perdiendo al\/la deportista y se pierde a la persona. No se puede empujar a los\/las j\u00f3venes con talento precoz a que acaben siendo \u201cjuguetes rotos\u201d. Si tienen la suerte de alcanzar el deporte profesional tendr\u00e1n que saber gestionar el \u00e9xito y el fracaso entre otras muchas situaciones que tambi\u00e9n requieren competencias emocionales o desarrollo personal.[\/vc_column_text][\/vc_tta_section][vc_tta_section i_icon_fontawesome=\u00bbfar fa-arrow-alt-circle-right\u00bb add_icon=\u00bbtrue\u00bb title=\u00bbCONSEGUIR DESAF\u00cdOS, ALCANZAR SUE\u00d1OS\u00bb tab_id=\u00bbaconseguir-desafiaments\u00bb el_class=\u00bbacordio-5&#8243;][vc_column_text]Hablamos de deporte implicado porque ayudemos a la consecuci\u00f3n de desaf\u00edos y a lograr los sue\u00f1os. Somos expertos\/as en ense\u00f1ar a personas y equipos a trabajar de forma aut\u00f3noma para conseguir metas aplazadas en el tiempo y a alcanzar sus desaf\u00edos o sue\u00f1os.[\/vc_column_text][\/vc_tta_section][vc_tta_section i_icon_fontawesome=\u00bbfar fa-arrow-alt-circle-right\u00bb add_icon=\u00bbtrue\u00bb title=\u00bbPONER DE MANIFIESTO QUE HABLAR DE DEPORTE IMPLICADO ES HABLAR DE EFICACIA\u00bb tab_id=\u00bbparlar-desport\u00bb el_class=\u00bbacordio-6&#8243;][vc_column_text]Hablar de deporte implicado es hablar de eficacia: fijamos unos objetivos de forma consensuada con cada cliente\/a, trabajamos y evaluamos con \u00e9l\/ella el grado de consecuci\u00f3n o eficacia.[\/vc_column_text][\/vc_tta_section][vc_tta_section i_icon_fontawesome=\u00bbfar fa-arrow-alt-circle-right\u00bb add_icon=\u00bbtrue\u00bb title=\u00bbLA DILATADA EXPERIENCIA EN EL TRABAJO DE VALORES\u00bb tab_id=\u00bbtreball-de-valors\u00bb el_class=\u00bbacordio-7&#8243;][vc_column_text]Porque contamos con una dilatada experiencia en el trabajo de valores a trav\u00e9s del deporte, en programas dirigidos a instituciones municipales, clubes y federaciones deportivas, escuelas deportivas, colegios\u2026[\/vc_column_text][\/vc_tta_section][vc_tta_section i_icon_fontawesome=\u00bbfar fa-arrow-alt-circle-right\u00bb add_icon=\u00bbtrue\u00bb title=\u00bbNUESTRO CAR\u00c1CTER NO LUCRATIVO\u00bb tab_id=\u00bbcaracter-no-lucratiu\u00bb el_class=\u00bbacordio-8&#8243;][vc_column_text]Por nuestro car\u00e1cter no lucrativo, que comporta que cuando nuestra actividad genera beneficios \u00e9stos son reinvertidos en el fortalecimiento de los proyectos y\/o desarrollo de nuevos, necesarios para dar respuesta a las necesidades de las personas socialmente m\u00e1s vulnerables.[\/vc_column_text][\/vc_tta_section][\/vc_tta_accordion][\/vc_column][vc_column width=\u00bb1\/3&#8243; css=\u00bb.vc_custom_1653898221095{background-image: url(https:\/\/sport.eduvic.coop\/wp-content\/uploads\/2022\/05\/pexels-andrea-piacquadio-3755448-2-scaled.jpg?id=388) !important;background-position: center !important;background-repeat: no-repeat !important;background-size: cover !important;}\u00bb][\/vc_column][\/vc_row][vc_row el_class=\u00bbimg-banner no-mobile\u00bb][vc_column css=\u00bb.vc_custom_1653989851545{padding-right: 0px !important;}\u00bb][vc_single_image image=\u00bb1099&#8243; img_size=\u00bbfull\u00bb alignment=\u00bbcenter\u00bb css=\u00bb.vc_custom_1661933606032{margin-bottom: 0px !important;}\u00bb][\/vc_column][\/vc_row][vc_row el_class=\u00bbimg-banner no-desktop\u00bb][vc_column css=\u00bb.vc_custom_1653989851545{padding-right: 0px !important;}\u00bb][vc_single_image image=\u00bb1248&#8243; img_size=\u00bbfull\u00bb alignment=\u00bbcenter\u00bb css=\u00bb.vc_custom_1666003187555{margin-bottom: 0px !important;}\u00bb][vc_column_text el_class=\u00bbinfo-banner\u00bb]<\/p>\n<p style=\"text-align: right;\">En definitiva, cuando hablamos de<\/p>\n<p style=\"text-align: right;\">\u00abdeporte implicado\u00bb hablamos de estar<\/p>\n<p style=\"text-align: right;\">comprometidos\/as con el bienestar de las<\/p>\n<p style=\"text-align: right;\">personas, organizaciones y comunidades.<\/p>\n<p>[\/vc_column_text][\/vc_column][\/vc_row][\/vc_section][vc_section el_id=\u00bbserveis-esport\u00bb][vc_row][vc_column][vc_column_text]<\/p>\n<h3>Desde EDUVIC \u00b7 SPORT se ofrecen servicios dirigidos a:<\/h3>\n<p>[\/vc_column_text][\/vc_column][\/vc_row][vc_row full_width=\u00bbstretch_row_content\u00bb equal_height=\u00bbyes\u00bb el_class=\u00bbflip\u00bb][vc_column width=\u00bb1\/6&#8243; offset=\u00bbvc_hidden-sm vc_hidden-xs\u00bb][\/vc_column][vc_column width=\u00bb1\/6&#8243; offset=\u00bbvc_hidden-md vc_hidden-sm vc_hidden-xs\u00bb]\n<div tabindex=\"0\" id=\"interactive-banner-1-wrap-4157\" class=\"ult-banner-block ult-adjust-bottom-margin ult-bb-none ult-banner-block-custom-height banner-style01 banner-size\"   style=\"height:280px;\">\n\t<img decoding=\"async\" src=\"https:\/\/sport.eduvic.coop\/wp-content\/uploads\/2022\/07\/psicologia_esportiva.jpg\" alt=\"dues persones conversant\">\n\t<h3  data-ultimate-target='#interactive-banner-1-wrap-4157 .bb-top-title '  data-responsive-json-new='{\"font-size\":\"\",\"line-height\":\"\"}'  class=\"title-center bb-top-title ult-responsive\" style=\"font-weight:normal;background:#242424;color:#ffffff;\">DEPORTISTAS DE ALTO RENDIMIENTO<\/h3>\n\t<div class=\"mask opaque-background\" style=\"background:#d9d9d9;\">\n\t\t<div  data-ultimate-target='#interactive-banner-1-wrap-4157 .bb-description'  data-responsive-json-new='{\"font-size\":\"\",\"line-height\":\"\"}'  class=\"bb-description ult-responsive\" style=\"font-weight:normal;color:#ffffff;\">- Psicolog\u00eda cl\u00ednica<\/p>\n<p>- Psicolog\u00eda deportiva<\/p>\n<p>- Coaching y educaci\u00f3n emocional<\/p>\n<p>- Atenci\u00f3n a las familias<\/div>\n\t<\/div>\n<\/div>[\/vc_column][vc_column width=\u00bb1\/6&#8243; offset=\u00bbvc_col-md-2 vc_hidden-md vc_hidden-sm vc_hidden-xs\u00bb]\n<div tabindex=\"0\" id=\"interactive-banner-1-wrap-6559\" class=\"ult-banner-block ult-adjust-bottom-margin ult-bb-none ult-banner-block-custom-height banner-style01 banner-size\"   style=\"height:280px;\">\n\t<img decoding=\"async\" src=\"https:\/\/sport.eduvic.coop\/wp-content\/uploads\/2022\/07\/Serveis-preventius-dexclusio-de-persones-infants-adolescents-i-les-seves-families.jpg\" alt=\"entrenadora parlant amb les jugadores\">\n\t<h3  data-ultimate-target='#interactive-banner-1-wrap-6559 .bb-top-title '  data-responsive-json-new='{\"font-size\":\"\",\"line-height\":\"\"}'  class=\"title-center bb-top-title ult-responsive\" style=\"font-weight:normal;background:#242424;color:#ffffff;\">LA COMUNIDAD<\/h3>\n\t<div class=\"mask opaque-background\" style=\"background:#d9d9d9;\">\n\t\t<div  data-ultimate-target='#interactive-banner-1-wrap-6559 .bb-description'  data-responsive-json-new='{\"font-size\":\"\",\"line-height\":\"\"}'  class=\"bb-description ult-responsive\" style=\"font-weight:normal;color:#ffffff;\">- Programas socioeducativos que empleen el deporte como herramienta para la transformaci\u00f3n de realidades sociales (facilitar la integraci\u00f3n social, erradicar y prevenir conductas disruptivas socialmente, prevenir la violencia en contextos escolares o socialmente vulnerables...).<\/p>\n<p>- Programa Move IN.<\/div>\n\t<\/div>\n<\/div>[\/vc_column][vc_column width=\u00bb1\/6&#8243; offset=\u00bbvc_col-md-2 vc_hidden-md vc_hidden-sm vc_hidden-xs\u00bb]\n<div tabindex=\"0\" id=\"interactive-banner-1-wrap-2877\" class=\"ult-banner-block ult-adjust-bottom-margin ult-bb-none ult-banner-block-custom-height banner-style01 banner-size\"   style=\"height:280px;\">\n\t<img decoding=\"async\" src=\"https:\/\/sport.eduvic.coop\/wp-content\/uploads\/2022\/07\/serveis_dacompanyament_psicosocial.jpg\" alt=\"entrenadora i jugadores\">\n\t<h3  data-ultimate-target='#interactive-banner-1-wrap-2877 .bb-top-title '  data-responsive-json-new='{\"font-size\":\"\",\"line-height\":\"\"}'  class=\"title-center bb-top-title ult-responsive\" style=\"font-weight:normal;background:#242424;color:#ffffff;\">INSTITUCIONES DEPORTIVAS<\/h3>\n\t<div class=\"mask opaque-background\" style=\"background:#d9d9d9;\">\n\t\t<div  data-ultimate-target='#interactive-banner-1-wrap-2877 .bb-description'  data-responsive-json-new='{\"font-size\":\"\",\"line-height\":\"\"}'  class=\"bb-description ult-responsive\" style=\"font-weight:normal;color:#ffffff;\">- Servicios de acompa\u00f1amiento psicosocial para deportistas (tutor\u00eda).<\/p>\n<p>- Servicios de Psicolog\u00eda cl\u00ednica.<\/p>\n<p>- Servicios de Psicolog\u00eda deportiva por equipos.<\/p>\n<p>- Servicios de Psicolog\u00eda deportiva por equipos.<\/div>\n\t<\/div>\n<\/div>[\/vc_column][vc_column width=\u00bb1\/6&#8243; offset=\u00bbvc_col-md-2 vc_hidden-md vc_hidden-sm vc_hidden-xs\u00bb]\n<div tabindex=\"0\" id=\"interactive-banner-1-wrap-5504\" class=\"ult-banner-block ult-adjust-bottom-margin ult-bb-none ult-banner-block-custom-height banner-style01 banner-size\"   style=\"height:280px;\">\n\t<img decoding=\"async\" src=\"https:\/\/sport.eduvic.coop\/wp-content\/uploads\/2022\/05\/pexels-cottonbro-7437086-2-scaled.jpg\" alt=\"persona en una reuni\u00f3 de treball\">\n\t<h3  data-ultimate-target='#interactive-banner-1-wrap-5504 .bb-top-title '  data-responsive-json-new='{\"font-size\":\"\",\"line-height\":\"\"}'  class=\"title-center bb-top-title ult-responsive\" style=\"font-weight:normal;background:#242424;color:#ffffff;\">LAS EMPRESAS<\/h3>\n\t<div class=\"mask opaque-background\" style=\"background:#d9d9d9;\">\n\t\t<div  data-ultimate-target='#interactive-banner-1-wrap-5504 .bb-description'  data-responsive-json-new='{\"font-size\":\"\",\"line-height\":\"\"}'  class=\"bb-description ult-responsive\" style=\"font-weight:normal;color:#ffffff;\">- Formaci\u00f3n en liderazgo y coaching empresarial.<\/div>\n\t<\/div>\n<\/div>[\/vc_column][vc_column width=\u00bb1\/6&#8243; offset=\u00bbvc_hidden-sm vc_hidden-xs\u00bb][\/vc_column][\/vc_row][vc_row full_width=\u00bbstretch_row_content\u00bb equal_height=\u00bbyes\u00bb el_class=\u00bbflip\u00bb][vc_column width=\u00bb1\/6&#8243; offset=\u00bbvc_hidden-md vc_hidden-sm vc_hidden-xs\u00bb][\/vc_column][vc_column width=\u00bb1\/6&#8243; offset=\u00bbvc_hidden-lg\u00bb]\n<div tabindex=\"0\" id=\"interactive-banner-1-wrap-9760\" class=\"ult-banner-block ult-adjust-bottom-margin ult-bb-none ult-banner-block-custom-height banner-style01 banner-size\"   style=\"height:280px;\">\n\t<img decoding=\"async\" src=\"https:\/\/sport.eduvic.coop\/wp-content\/uploads\/2022\/07\/psicologia_esportiva.jpg\" alt=\"dues persones conversant\">\n\t<h3  data-ultimate-target='#interactive-banner-1-wrap-9760 .bb-top-title '  data-responsive-json-new='{\"font-size\":\"\",\"line-height\":\"\"}'  class=\"title-center bb-top-title ult-responsive\" style=\"font-weight:normal;background:#242424;color:#ffffff;\">ESPORTISTES D'ALT RENDIMENT<\/h3>\n\t<div class=\"mask opaque-background\" style=\"background:#d9d9d9;\">\n\t\t<div  data-ultimate-target='#interactive-banner-1-wrap-9760 .bb-description'  data-responsive-json-new='{\"font-size\":\"\",\"line-height\":\"\"}'  class=\"bb-description ult-responsive\" style=\"font-weight:normal;color:#ffffff;\">- Psicologia cl\u00ednica<\/p>\n<p>- Psicologia esportiva<\/p>\n<p>- Coaching i educaci\u00f3 emocional<\/p>\n<p>- Atenci\u00f3 a les fam\u00edlies<\/div>\n\t<\/div>\n<\/div>[\/vc_column][vc_column width=\u00bb1\/6&#8243; offset=\u00bbvc_hidden-lg\u00bb]\n<div tabindex=\"0\" id=\"interactive-banner-1-wrap-9867\" class=\"ult-banner-block ult-adjust-bottom-margin ult-bb-none ult-banner-block-custom-height banner-style01 banner-size\"   style=\"height:280px;\">\n\t<img decoding=\"async\" src=\"https:\/\/sport.eduvic.coop\/wp-content\/uploads\/2022\/07\/dd_.jpg\" alt=\"entrenadora de b\u00e0squet amb jugadores\">\n\t<h3  data-ultimate-target='#interactive-banner-1-wrap-9867 .bb-top-title '  data-responsive-json-new='{\"font-size\":\"\",\"line-height\":\"\"}'  class=\"title-center bb-top-title ult-responsive\" style=\"font-weight:normal;background:#242424;color:#ffffff;\">LA COMUNITAT<\/h3>\n\t<div class=\"mask opaque-background\" style=\"background:#d9d9d9;\">\n\t\t<div  data-ultimate-target='#interactive-banner-1-wrap-9867 .bb-description'  data-responsive-json-new='{\"font-size\":\"\",\"line-height\":\"\"}'  class=\"bb-description ult-responsive\" style=\"font-weight:normal;color:#ffffff;\">- Programes socioeducatius que empren l\u2019esport com a eina per la transformaci\u00f3 de realitats socials (facilitar la integraci\u00f3 social, erradicar i prevenir conductes disruptives socialment, prevenir la viol\u00e8ncia en contextos escolars o socialment vulnerables...).<\/p>\n<p>- Programa Move IN.<\/div>\n\t<\/div>\n<\/div>[\/vc_column][vc_column width=\u00bb1\/6&#8243; offset=\u00bbvc_hidden-lg\u00bb]\n<div tabindex=\"0\" id=\"interactive-banner-1-wrap-8878\" class=\"ult-banner-block ult-adjust-bottom-margin ult-bb-none ult-banner-block-custom-height banner-style01 banner-size\"   style=\"height:280px;\">\n\t<img decoding=\"async\" src=\"https:\/\/sport.eduvic.coop\/wp-content\/uploads\/2022\/07\/serveis_dacompanyament_psicosocial.jpg\" alt=\"entrenadora i jugadores\">\n\t<h3  data-ultimate-target='#interactive-banner-1-wrap-8878 .bb-top-title '  data-responsive-json-new='{\"font-size\":\"\",\"line-height\":\"\"}'  class=\"title-center bb-top-title ult-responsive\" style=\"font-weight:normal;background:#242424;color:#ffffff;\">INSTITUCIONS ESPORTIVES<\/h3>\n\t<div class=\"mask opaque-background\" style=\"background:#d9d9d9;\">\n\t\t<div  data-ultimate-target='#interactive-banner-1-wrap-8878 .bb-description'  data-responsive-json-new='{\"font-size\":\"\",\"line-height\":\"\"}'  class=\"bb-description ult-responsive\" style=\"font-weight:normal;color:#ffffff;\">- Serveis d\u2019acompanyament psicosocial per a esportistes (tutoria).<\/p>\n<p>- Serveis de Psicologia cl\u00ednica.<\/p>\n<p>- Serveis de Psicologia esportiva per equips.<\/p>\n<p>- Serveis de formaci\u00f3 vinculats a la psicologia esportiva.<\/div>\n\t<\/div>\n<\/div>[\/vc_column][vc_column width=\u00bb1\/6&#8243; offset=\u00bbvc_hidden-lg\u00bb]\n<div tabindex=\"0\" id=\"interactive-banner-1-wrap-9049\" class=\"ult-banner-block ult-adjust-bottom-margin ult-bb-none ult-banner-block-custom-height banner-style01 banner-size\"   style=\"height:280px;\">\n\t<img decoding=\"async\" src=\"https:\/\/sport.eduvic.coop\/wp-content\/uploads\/2022\/05\/business-people-put-hands-together-1-scaled.jpg\" alt=\"null\">\n\t<h3  data-ultimate-target='#interactive-banner-1-wrap-9049 .bb-top-title '  data-responsive-json-new='{\"font-size\":\"\",\"line-height\":\"\"}'  class=\"title-center bb-top-title ult-responsive\" style=\"font-weight:normal;background:#242424;color:#ffffff;\">LES EMPRESES<\/h3>\n\t<div class=\"mask opaque-background\" style=\"background:#d9d9d9;\">\n\t\t<div  data-ultimate-target='#interactive-banner-1-wrap-9049 .bb-description'  data-responsive-json-new='{\"font-size\":\"\",\"line-height\":\"\"}'  class=\"bb-description ult-responsive\" style=\"font-weight:normal;color:#ffffff;\">- Formaci\u00f3 en lideratge i coaching empresarial.<\/div>\n\t<\/div>\n<\/div>[\/vc_column][vc_column width=\u00bb1\/6&#8243; offset=\u00bbvc_hidden-md vc_hidden-sm vc_hidden-xs\u00bb][\/vc_column][\/vc_row][\/vc_section][vc_section full_width=\u00bbstretch_row\u00bb el_id=\u00bbconvenis\u00bb el_class=\u00bbno-home\u00bb][vc_row][vc_column][vc_column_text css=\u00bb.vc_custom_1661933913636{margin-bottom: 0px !important;}\u00bb]<\/p>\n<h4 style=\"text-align: center;\">Nuestras entidades clientes, colaboradoras y partners<\/h4>\n<p>[\/vc_column_text]<div id=\"ult-carousel-119017933569f32300c03e4\" class=\"ult-carousel-wrapper   ult_horizontal\" data-gutter=\"15\" data-rtl=\"false\" ><div class=\"ult-carousel-100136527469f32300c0352 \" >[vc_single_image image=\u00bb435&#8243; img_size=\u00bbmedium\u00bb alignment=\u00bbcenter\u00bb][vc_single_image image=\u00bb437&#8243; img_size=\u00bbmedium\u00bb alignment=\u00bbcenter\u00bb][vc_single_image image=\u00bb438&#8243; img_size=\u00bbmedium\u00bb alignment=\u00bbcenter\u00bb][vc_single_image image=\u00bb439&#8243; img_size=\u00bbmedium\u00bb alignment=\u00bbcenter\u00bb][vc_single_image image=\u00bb440&#8243; img_size=\u00bbmedium\u00bb alignment=\u00bbcenter\u00bb][vc_single_image image=\u00bb441&#8243; img_size=\u00bbmedium\u00bb alignment=\u00bbcenter\u00bb][vc_single_image image=\u00bb442&#8243; img_size=\u00bbmedium\u00bb alignment=\u00bbcenter\u00bb][vc_single_image image=\u00bb443&#8243; img_size=\u00bbmedium\u00bb alignment=\u00bbcenter\u00bb][vc_single_image image=\u00bb444&#8243; img_size=\u00bbmedium\u00bb alignment=\u00bbcenter\u00bb][vc_single_image image=\u00bb445&#8243; img_size=\u00bbmedium\u00bb alignment=\u00bbcenter\u00bb][vc_single_image image=\u00bb446&#8243; img_size=\u00bbmedium\u00bb alignment=\u00bbcenter\u00bb][vc_single_image image=\u00bb447&#8243; img_size=\u00bbmedium\u00bb alignment=\u00bbcenter\u00bb][vc_single_image image=\u00bb448&#8243; img_size=\u00bbmedium\u00bb alignment=\u00bbcenter\u00bb][vc_single_image image=\u00bb449&#8243; img_size=\u00bbmedium\u00bb alignment=\u00bbcenter\u00bb][vc_single_image image=\u00bb451&#8243; img_size=\u00bbmedium\u00bb alignment=\u00bbcenter\u00bb][vc_single_image image=\u00bb452&#8243; img_size=\u00bbmedium\u00bb alignment=\u00bbcenter\u00bb][vc_single_image image=\u00bb453&#8243; img_size=\u00bbmedium\u00bb alignment=\u00bbcenter\u00bb][vc_single_image image=\u00bb454&#8243; img_size=\u00bbmedium\u00bb alignment=\u00bbcenter\u00bb][vc_single_image image=\u00bb207&#8243; img_size=\u00bbmedium\u00bb alignment=\u00bbcenter\u00bb]<\/div><\/div>\t\t\t<script type=\"text\/javascript\">\n\t\t\t\tjQuery(document).ready(function ($) {\n\t\t\t\t\tif( typeof jQuery('.ult-carousel-100136527469f32300c0352').slick == \"function\"){\n\t\t\t\t\t\t$('.ult-carousel-100136527469f32300c0352').slick({dots: false,autoplaySpeed: \"5000\",speed: \"300\",infinite: true,arrows: true,nextArrow: '<button type=\"button\" role=\"button\" aria-label=\"Next\" style=\"color:#333333; font-size:20px;\" class=\"slick-next default\"><i class=\"ultsl-arrow-right4\"><\/i><\/button>',prevArrow: '<button type=\"button\" role=\"button\" aria-label=\"Previous\" style=\"color:#333333; font-size:20px;\" class=\"slick-prev default\"><i class=\"ultsl-arrow-left4\"><\/i><\/button>',slidesToScroll:1,slidesToShow:4,swipe: true,draggable: true,touchMove: true,pauseOnHover: true,pauseOnFocus: false,responsive: [\n\t\t\t\t\t\t\t{\n\t\t\t\t\t\t\t  breakpoint: 1026,\n\t\t\t\t\t\t\t  settings: {\n\t\t\t\t\t\t\t\tslidesToShow: 4,\n\t\t\t\t\t\t\t\tslidesToScroll: 1,  \n\t\t\t\t\t\t\t  }\n\t\t\t\t\t\t\t},\n\t\t\t\t\t\t\t{\n\t\t\t\t\t\t\t  breakpoint: 1025,\n\t\t\t\t\t\t\t  settings: {\n\t\t\t\t\t\t\t\tslidesToShow: 3,\n\t\t\t\t\t\t\t\tslidesToScroll: 1\n\t\t\t\t\t\t\t  }\n\t\t\t\t\t\t\t},\n\t\t\t\t\t\t\t{\n\t\t\t\t\t\t\t  breakpoint: 760,\n\t\t\t\t\t\t\t  settings: {\n\t\t\t\t\t\t\t\tslidesToShow: 2,\n\t\t\t\t\t\t\t\tslidesToScroll: 1\n\t\t\t\t\t\t\t  }\n\t\t\t\t\t\t\t}\n\t\t\t\t\t\t],pauseOnDotsHover: true,customPaging: function(slider, i) {\n                   return '<i type=\"button\" style= \"color:#333333;\" class=\"ultsl-record\" data-role=\"none\"><\/i>';\n                },});\n\t\t\t\t\t}\n\t\t\t\t});\n\t\t\t<\/script>\n\t\t\t[\/vc_column][\/vc_row][\/vc_section]<\/p>\n<\/div>","protected":false},"excerpt":{"rendered":"<p>[vc_section full_width=\u00bbstretch_row\u00bb el_id=\u00bbperque-parlem\u00bb][vc_row][vc_column][vc_column_text] HABLAMOS DE DEPORTE IMPLICADO POR [\/vc_column_text][\/vc_column][\/vc_row][vc_row equal_height=\u00bbyes\u00bb content_placement=\u00bbmiddle\u00bb css=\u00bb.vc_custom_1653906923497{background-position: center !important;background-repeat: no-repeat<\/p>\n","protected":false},"author":2,"featured_media":0,"parent":0,"menu_order":0,"comment_status":"closed","ping_status":"closed","template":"","meta":{"footnotes":""},"class_list":["post-1098","page","type-page","status-publish"],"_links":{"self":[{"href":"https:\/\/sport.eduvic.coop\/es\/wp-json\/wp\/v2\/pages\/1098","targetHints":{"allow":["GET"]}}],"collection":[{"href":"https:\/\/sport.eduvic.coop\/es\/wp-json\/wp\/v2\/pages"}],"about":[{"href":"https:\/\/sport.eduvic.coop\/es\/wp-json\/wp\/v2\/types\/page"}],"author":[{"embeddable":true,"href":"https:\/\/sport.eduvic.coop\/es\/wp-json\/wp\/v2\/users\/2"}],"replies":[{"embeddable":true,"href":"https:\/\/sport.eduvic.coop\/es\/wp-json\/wp\/v2\/comments?post=1098"}],"version-history":[{"count":4,"href":"https:\/\/sport.eduvic.coop\/es\/wp-json\/wp\/v2\/pages\/1098\/revisions"}],"predecessor-version":[{"id":1252,"href":"https:\/\/sport.eduvic.coop\/es\/wp-json\/wp\/v2\/pages\/1098\/revisions\/1252"}],"wp:attachment":[{"href":"https:\/\/sport.eduvic.coop\/es\/wp-json\/wp\/v2\/media?parent=1098"}],"curies":[{"name":"wp","href":"https:\/\/api.w.org\/{rel}","templated":true}]}}